{"id":1055,"date":"2016-09-20T16:22:39","date_gmt":"2016-09-20T15:22:39","guid":{"rendered":"http:\/\/www.programme-pepites.fr\/?page_id=1055"},"modified":"2021-01-05T10:01:19","modified_gmt":"2021-01-05T09:01:19","slug":"mentions-legales","status":"publish","type":"page","link":"https:\/\/www.programme-pepites.fr\/index.php\/mentions-legales\/","title":{"rendered":"Mentions L\u00e9gales"},"content":{"rendered":"<div class=\"fusion-fullwidth fullwidth-box fusion-builder-row-1 nonhundred-percent-fullwidth non-hundred-percent-height-scrolling\" style=\"background-color: rgba(255,255,255,0);background-position: left top;background-repeat: no-repeat;padding-top:20px;padding-right:0px;padding-bottom:20px;padding-left:0px;margin-bottom: 0px;margin-top: 0px;border-width: 0px 0px 0px 0px;border-color:#eae9e9;border-style:solid;\" ><div class=\"fusion-builder-row fusion-row\"><div class=\"fusion-layout-column fusion_builder_column fusion-builder-column-0 fusion_builder_column_1_1 1_1 fusion-one-full fusion-column-first fusion-column-last\" style=\"margin-top:0px;margin-bottom:0px;\"><div class=\"fusion-column-wrapper fusion-flex-column-wrapper-legacy\" style=\"background-position:left top;background-repeat:no-repeat;-webkit-background-size:cover;-moz-background-size:cover;-o-background-size:cover;background-size:cover;padding: 0px 0px 0px 0px;\"><div class=\"fusion-text fusion-text-1\"><h1 style=\"text-align: center;\"><span style=\"color: #ff0000;\">Mentions L\u00e9gales<\/span><\/h1>\n<p style=\"text-align: justify;\">Le site www.programme-pepites.fr est un site publi\u00e9 par la CCI LYON METROPOLE et Grand Lyon La M\u00e9tropole, dont les si\u00e8ges sociaux sont situ\u00e9s respectivement Place de la Bourse, 69289 Lyon cedex 2 et 20, rue du Lac &#8211;\u00a0CS\u00a033569 &#8211; 69505 Lyon cedex 03.<\/p>\n<p style=\"text-align: justify;\">Ce site a \u00e9t\u00e9 cr\u00e9\u00e9 par la CCI LYON METROPOLE et Grand Lyon La M\u00e9tropole uniquement pour permettre une meilleure information du Programme P\u00e9pites. Aucune exploitation commerciale ou non, et ce m\u00eame partielle, des informations contenues dans ce site, ne pourra \u00eatre tol\u00e9r\u00e9e sans l\u2019accord pr\u00e9alable et \u00e9crit de la CCI LYON METROPOLE et du Grand Lyon La M\u00e9tropole. La totalit\u00e9 de ce site est une oeuvre prot\u00e9g\u00e9e par les lois en vigueur sur la propri\u00e9t\u00e9 individuelle et aucune reproduction ou repr\u00e9sentation visuelle ou r\u00e9dactionnelle, m\u00eame partielle, ne pourra \u00eatre faite sans l\u2019accord \u00e9crit de la CCI LYON METROPOLE et du Grand Lyon La M\u00e9tropole en adressant votre demande par courrier.<\/p>\n<p style=\"text-align: justify;\">Bien que la CCI LYON METROPOLE et Grand Lyon La M\u00e9tropole se soit employ\u00e9s \u00e0 proposer un site le plus juste possible, leur responsabilit\u00e9 ne pourrait en aucun cas \u00eatre engag\u00e9e en cas d\u2019erreurs involontaires. La CCI LYON METROPOLE et Grand Lyon La M\u00e9tropole d\u00e9clinent de ce fait toute responsabilit\u00e9 li\u00e9e aux informations contenues dans ce site, et des liens propos\u00e9s.<\/p>\n<p style=\"text-align: justify;\">Pour m\u00e9moire et conform\u00e9ment \u00e0 la loi \u00ab Informatique et libert\u00e9s \u00bb du 06 janvier 1978, la CCI LYON METROPOLE et Grand Lyon La M\u00e9tropole vous rappellent que toutes les donn\u00e9es personnelles recueillies sur ce site font l\u2019objet d\u2019un traitement informatis\u00e9. Quels que soient les syst\u00e8mes de collectes des donn\u00e9es utilis\u00e9s, vous disposez d\u2019un droit d\u2019acc\u00e8s, de rectification et de suppression des informations vous concernant. (Article 34 de la loi \u00ab Informatique et libert\u00e9s \u00bb). Vous avez la possibilit\u00e9 d\u2019exercer ce droit plein et entier, en adressant votre demande par courrier.<\/p>\n<p class=\"p1\"><span class=\"s1\">Notre site utilise des cookies afin d\u2019assurer le fonctionnement et la s\u00e9curit\u00e9 de nos sites, d&#8217;en am\u00e9liorer le contenu et le fonctionnement et de l\u2019adapter aux demandes. Nous conservons votre choix pendant<\/span><span class=\"s2\">\u00a0<\/span><span class=\"s1\">13 mois. Nous vous informons que vous pouvez vous opposer \u00e0 l\u2019enregistrement de cookies en configurant votre ordinateur selon les modalit\u00e9s d\u00e9taill\u00e9es sur le site\u00a0<a class=\"spip_url spip_out\" href=\"http:\/\/www.cnil.fr\/\" rel=\"nofollow external\">http:\/\/www.cnil.fr<\/a>.<\/span><\/p>\n<p style=\"text-align: justify;\">L\u2019utilisation de la marque P\u00e9pites ou Programme P\u00e9pites en tant que nom de domaine qui serait faite sans le consentement de ses auteurs ou de ses ayants droit, est totalement illicite.<\/p>\n<p style=\"text-align: justify;\">Tout lien hypertexte renvoyant vers notre site fera pr\u00e9alablement l\u2019objet d\u2019une demande d\u2019autorisation sp\u00e9ciale qui ne pourra s\u2019obtenir qu\u2019au pr\u00e9alable et en nous contactant exclusivement sur contact {@} agence-planete.fr.<br \/>\nLe site du Programme P\u00e9pites est h\u00e9berg\u00e9 chez OVH*. La CCI LYON METROPOLE , le Grand Lyon La M\u00e9tropole ou l\u2019agence Plan\u00e8te se sauraient en aucun cas \u00eatre responsables de probl\u00e8mes techniques li\u00e9s \u00e0 cet h\u00e9bergement et d\u00e9clinent toute responsabilit\u00e9 en cas de piratage et disfonctionnement de ce dernier. * OVH : SAS au capital de 500 k\u20ac RCS Roubaix \u2013 Tourcoing 424 761 419 00011 \u2013 Code APE 721Z \u2013 N\u00b0 TVA : FR 22-424-761-419-00011 Si\u00e8ge social : 140 Quai du Sartel \u2013 59100 Roubaix \u2013 France<\/p>\n<p style=\"text-align: justify;\"><span style=\"color: #808080;\">Responsable de la publication du site : Audrey Ruth \u2013 Virginie Soulet<\/span><br \/>\n<span style=\"color: #808080;\"> Webdesign et conception du site : <a href=\"http:\/\/www.agence-planete.fr\">agence Plan\u00e8te<\/a><\/span><br \/>\n<span style=\"color: #808080;\"> Cr\u00e9dit photos\u00a0: Jean-Jacques Raynal<\/span><\/p>\n<\/div><div class=\"fusion-clearfix\"><\/div><\/div><\/div><\/div><\/div>\n","protected":false},"excerpt":{"rendered":"","protected":false},"author":1,"featured_media":0,"parent":0,"menu_order":0,"comment_status":"closed","ping_status":"closed","template":"","meta":[],"yoast_head":"<!-- This site is optimized with the Yoast SEO plugin v15.4 - https:\/\/yoast.com\/wordpress\/plugins\/seo\/ -->\n<title>Mentions L\u00e9gales - P\u00c9PITES - Entrepreneurs de croissance<\/title>\n<meta name=\"robots\" content=\"index, follow, max-snippet:-1, max-image-preview:large, max-video-preview:-1\" \/>\n<link rel=\"canonical\" href=\"https:\/\/www.programme-pepites.fr\/index.php\/mentions-legales\/\" \/>\n<meta property=\"og:locale\" content=\"fr_FR\" \/>\n<meta property=\"og:type\" content=\"article\" \/>\n<meta property=\"og:title\" content=\"Mentions L\u00e9gales - P\u00c9PITES - Entrepreneurs de croissance\" \/>\n<meta property=\"og:url\" content=\"https:\/\/www.programme-pepites.fr\/index.php\/mentions-legales\/\" \/>\n<meta property=\"og:site_name\" content=\"P\u00c9PITES - Entrepreneurs de croissance\" \/>\n<meta property=\"article:publisher\" content=\"https:\/\/www.facebook.com\/CerclePepites\" \/>\n<meta property=\"article:modified_time\" content=\"2021-01-05T09:01:19+00:00\" \/>\n<meta name=\"twitter:card\" content=\"summary\" \/>\n<meta name=\"twitter:creator\" content=\"@ProgrammePepite\" \/>\n<meta name=\"twitter:site\" content=\"@ProgrammePepite\" \/>\n<meta name=\"twitter:label1\" content=\"\u00c9crit par\">\n\t<meta name=\"twitter:data1\" content=\"admin4568\">\n\t<meta name=\"twitter:label2\" content=\"Dur\u00e9e de lecture est.\">\n\t<meta name=\"twitter:data2\" content=\"3 minutes\">\n<script type=\"application\/ld+json\" class=\"yoast-schema-graph\">{\"@context\":\"https:\/\/schema.org\",\"@graph\":[{\"@type\":\"WebSite\",\"@id\":\"https:\/\/www.programme-pepites.fr\/#website\",\"url\":\"https:\/\/www.programme-pepites.fr\/\",\"name\":\"P\\u00c9PITES - Entrepreneurs de croissance\",\"description\":\"Accompagnez votre hyper croissance !\",\"potentialAction\":[{\"@type\":\"SearchAction\",\"target\":\"https:\/\/www.programme-pepites.fr\/?s={search_term_string}\",\"query-input\":\"required name=search_term_string\"}],\"inLanguage\":\"fr-FR\"},{\"@type\":\"WebPage\",\"@id\":\"https:\/\/www.programme-pepites.fr\/index.php\/mentions-legales\/#webpage\",\"url\":\"https:\/\/www.programme-pepites.fr\/index.php\/mentions-legales\/\",\"name\":\"Mentions L\\u00e9gales - P\\u00c9PITES - Entrepreneurs de croissance\",\"isPartOf\":{\"@id\":\"https:\/\/www.programme-pepites.fr\/#website\"},\"datePublished\":\"2016-09-20T15:22:39+00:00\",\"dateModified\":\"2021-01-05T09:01:19+00:00\",\"inLanguage\":\"fr-FR\",\"potentialAction\":[{\"@type\":\"ReadAction\",\"target\":[\"https:\/\/www.programme-pepites.fr\/index.php\/mentions-legales\/\"]}]}]}<\/script>\n<!-- \/ Yoast SEO plugin. -->","_links":{"self":[{"href":"https:\/\/www.programme-pepites.fr\/index.php\/wp-json\/wp\/v2\/pages\/1055"}],"collection":[{"href":"https:\/\/www.programme-pepites.fr\/index.php\/wp-json\/wp\/v2\/pages"}],"about":[{"href":"https:\/\/www.programme-pepites.fr\/index.php\/wp-json\/wp\/v2\/types\/page"}],"author":[{"embeddable":true,"href":"https:\/\/www.programme-pepites.fr\/index.php\/wp-json\/wp\/v2\/users\/1"}],"replies":[{"embeddable":true,"href":"https:\/\/www.programme-pepites.fr\/index.php\/wp-json\/wp\/v2\/comments?post=1055"}],"version-history":[{"count":9,"href":"https:\/\/www.programme-pepites.fr\/index.php\/wp-json\/wp\/v2\/pages\/1055\/revisions"}],"predecessor-version":[{"id":2447,"href":"https:\/\/www.programme-pepites.fr\/index.php\/wp-json\/wp\/v2\/pages\/1055\/revisions\/2447"}],"wp:attachment":[{"href":"https:\/\/www.programme-pepites.fr\/index.php\/wp-json\/wp\/v2\/media?parent=1055"}],"curies":[{"name":"wp","href":"https:\/\/api.w.org\/{rel}","templated":true}]}}